{"id":2,"date":"2019-09-11T16:01:22","date_gmt":"2019-09-11T14:01:22","guid":{"rendered":"http:\/\/rg-a.fr\/?page_id=2"},"modified":"2026-01-28T08:31:02","modified_gmt":"2026-01-28T07:31:02","slug":"accueil-rga","status":"publish","type":"page","link":"http:\/\/rg-a.fr\/","title":{"rendered":"Accueil RGA"},"content":{"rendered":"<p>[et_pb_section fb_built=\u00a0\u00bb1&Prime; module_id=\u00a0\u00bbhello\u00a0\u00bb _builder_version=\u00a0\u00bb3.29.2&Prime; background_image=\u00a0\u00bbhttp:\/\/rg-a.fr\/wp-content\/uploads\/2025\/07\/COGEDIM_Concarneau_vue_jardin_v3_2024\u00a9spectrum-copie-2-scaled.jpg\u00a0\u00bb min_height=\u00a0\u00bb865px\u00a0\u00bb custom_padding=\u00a0\u00bb||2px|||\u00a0\u00bb animation_style=\u00a0\u00bbfade\u00a0\u00bb animation_duration=\u00a0\u00bb650ms\u00a0\u00bb animation_delay=\u00a0\u00bb400ms\u00a0\u00bb fb_built=\u00a0\u00bb1&Prime; _i=\u00a0\u00bb0&Prime; _address=\u00a0\u00bb0&Prime;][et_pb_row _builder_version=\u00a0\u00bb3.29.2&Prime; custom_margin=\u00a0\u00bb|auto|-46px|auto||\u00a0\u00bb _i=\u00a0\u00bb0&Prime; _address=\u00a0\u00bb0.0&Prime;][et_pb_column type=\u00a0\u00bb4_4&Prime; _builder_version=\u00a0\u00bb3.29.2&Prime; _i=\u00a0\u00bb0&Prime; _address=\u00a0\u00bb0.0.0&Prime;][et_pb_text _builder_version=\u00a0\u00bb3.29.2&Prime; text_font=\u00a0\u00bbArial||||||||\u00a0\u00bb text_text_color=\u00a0\u00bb#000000&Prime; text_font_size=\u00a0\u00bb24px\u00a0\u00bb text_orientation=\u00a0\u00bbcenter\u00a0\u00bb animation_style=\u00a0\u00bbfade\u00a0\u00bb animation_duration=\u00a0\u00bb1500ms\u00a0\u00bb animation_delay=\u00a0\u00bb1000ms\u00a0\u00bb _i=\u00a0\u00bb0&Prime; _address=\u00a0\u00bb0.0.0.0&Prime;]<\/p>\n<h1 style=\"text-align: center;\"><\/h1>\n<h1 style=\"text-align: center;\"><\/h1>\n<h1 style=\"text-align: center;\"><\/h1>\n<h1 style=\"text-align: center;\"><\/h1>\n<h1 style=\"text-align: center;\"><\/h1>\n<h1 style=\"text-align: center;\"><\/h1>\n<h1 style=\"text-align: center;\"><\/h1>\n<h1 style=\"text-align: center;\"><\/h1>\n<h1 style=\"text-align: center;\"><\/h1>\n<h1 style=\"text-align: center;\"><\/h1>\n<h1 style=\"text-align: center;\"><\/h1>\n<h1 style=\"text-align: center;\"><\/h1>\n<h1 style=\"text-align: center;\"><\/h1>\n<h1 style=\"text-align: center;\"><strong style=\"font-size: 30px;\">RGA<\/strong><\/h1>\n<h4 style=\"text-align: center;\">Romain Gr\u00e9goire Architecte<\/h4>\n<p>[\/et_pb_text][\/et_pb_column][\/et_pb_row][\/et_pb_section][et_pb_section fb_built=\u00a0\u00bb1&Prime; _builder_version=\u00a0\u00bb3.29.2&Prime; custom_padding=\u00a0\u00bb0px||1px|||\u00a0\u00bb fb_built=\u00a0\u00bb1&Prime; _i=\u00a0\u00bb1&Prime; _address=\u00a0\u00bb1&Prime;][et_pb_row _builder_version=\u00a0\u00bb3.29.2&Prime; min_height=\u00a0\u00bb104px\u00a0\u00bb _i=\u00a0\u00bb0&Prime; _address=\u00a0\u00bb1.0&Prime;][et_pb_column type=\u00a0\u00bb4_4&Prime; _builder_version=\u00a0\u00bb3.29.2&Prime; _i=\u00a0\u00bb0&Prime; _address=\u00a0\u00bb1.0.0&Prime;][et_pb_text _builder_version=\u00a0\u00bb3.29.2&Prime; _i=\u00a0\u00bb0&Prime; _address=\u00a0\u00bb1.0.0.0&Prime;]<\/p>\n<h3 style=\"text-align: center;\">PROJETS<\/h3>\n<p>[\/et_pb_text][\/et_pb_column][\/et_pb_row][\/et_pb_section][et_pb_section fb_built=\u00a0\u00bb1&Prime; _builder_version=\u00a0\u00bb3.29.2&Prime; custom_margin=\u00a0\u00bb-71px||-167px|||\u00a0\u00bb custom_padding=\u00a0\u00bb41px|||||\u00a0\u00bb fb_built=\u00a0\u00bb1&Prime; _i=\u00a0\u00bb2&Prime; _address=\u00a0\u00bb2&Prime;][et_pb_row column_structure=\u00a0\u00bb1_3,1_3,1_3&Prime; _builder_version=\u00a0\u00bb3.29.2&Prime; module_alignment=\u00a0\u00bbcenter\u00a0\u00bb min_height=\u00a0\u00bb99px\u00a0\u00bb custom_margin=\u00a0\u00bb|auto|-175px|auto||\u00a0\u00bb custom_padding=\u00a0\u00bb||2px|||\u00a0\u00bb _i=\u00a0\u00bb0&Prime; _address=\u00a0\u00bb2.0&Prime;][et_pb_column type=\u00a0\u00bb1_3&Prime; _builder_version=\u00a0\u00bb3.29.2&Prime; _i=\u00a0\u00bb0&Prime; _address=\u00a0\u00bb2.0.0&Prime;][et_pb_cta title=\u00a0\u00bbPassage C\u00e9zarine\u00a0\u00bb button_url=\u00a0\u00bbhttp:\/\/rg-a.fr\/?page_id=153&Prime; button_text=\u00a0\u00bb+\u00a0\u00bb _builder_version=\u00a0\u00bb3.29.2&Prime; background_image=\u00a0\u00bbhttp:\/\/rg-a.fr\/wp-content\/uploads\/2026\/01\/RGA_logts_CARNAC_HD__47-scaled.jpeg\u00a0\u00bb custom_button=\u00a0\u00bbon\u00a0\u00bb button_text_size=\u00a0\u00bb20px\u00a0\u00bb button_border_radius=\u00a0\u00bb95px\u00a0\u00bb button_font=\u00a0\u00bb||||||||\u00a0\u00bb button_use_icon=\u00a0\u00bboff\u00a0\u00bb min_height=\u00a0\u00bb301px\u00a0\u00bb custom_margin=\u00a0\u00bb||115px|||\u00a0\u00bb animation_style=\u00a0\u00bbfade\u00a0\u00bb animation_delay=\u00a0\u00bb500ms\u00a0\u00bb hover_enabled=\u00a0\u00bb0&Prime; _i=\u00a0\u00bb0&Prime; _address=\u00a0\u00bb2.0.0.0&Prime;]<\/p>\n<p><span style=\"color: #ffffff;\">Carnac<\/span><\/p>\n<p>[\/et_pb_cta][\/et_pb_column][et_pb_column type=\u00a0\u00bb1_3&Prime; _builder_version=\u00a0\u00bb3.29.2&Prime; _i=\u00a0\u00bb1&Prime; _address=\u00a0\u00bb2.0.1&Prime;][et_pb_cta title=\u00a0\u00bbMutualia si\u00e8ge social\u00a0\u00bb button_url=\u00a0\u00bb@ET-DC@eyJkeW5hbWljIjp0cnVlLCJjb250ZW50IjoicG9zdF9saW5rX3VybF9wYWdlIiwic2V0dGluZ3MiOnsicG9zdF9pZCI6IjIzNCJ9fQ==@\u00a0\u00bb button_text=\u00a0\u00bb+\u00a0\u00bb _builder_version=\u00a0\u00bb3.29.2&Prime; _dynamic_attributes=\u00a0\u00bbbutton_url\u00a0\u00bb background_image=\u00a0\u00bbhttp:\/\/rg-a.fr\/wp-content\/uploads\/2024\/03\/RGA-bureaux-Mutualia-Vannes-56-84.jpg\u00a0\u00bb custom_button=\u00a0\u00bbon\u00a0\u00bb button_text_size=\u00a0\u00bb20px\u00a0\u00bb button_border_radius=\u00a0\u00bb95px\u00a0\u00bb button_font=\u00a0\u00bb||||||||\u00a0\u00bb button_use_icon=\u00a0\u00bboff\u00a0\u00bb min_height=\u00a0\u00bb301px\u00a0\u00bb custom_margin=\u00a0\u00bb||6px|||\u00a0\u00bb animation_style=\u00a0\u00bbfade\u00a0\u00bb animation_delay=\u00a0\u00bb500ms\u00a0\u00bb _i=\u00a0\u00bb0&Prime; _address=\u00a0\u00bb2.0.1.0&Prime;]<\/p>\n<p><span style=\"color: #ffffff;\">Vannes<\/span><\/p>\n<p>[\/et_pb_cta][\/et_pb_column][et_pb_column type=\u00a0\u00bb1_3&Prime; _builder_version=\u00a0\u00bb3.29.2&Prime; _i=\u00a0\u00bb2&Prime; _address=\u00a0\u00bb2.0.2&Prime;][et_pb_cta title=\u00a0\u00bbLes sittelles\u00a0\u00bb button_url=\u00a0\u00bb@ET-DC@eyJkeW5hbWljIjp0cnVlLCJjb250ZW50IjoicG9zdF9saW5rX3VybF9wYWdlIiwic2V0dGluZ3MiOnsicG9zdF9pZCI6IjI2MSJ9fQ==@\u00a0\u00bb button_text=\u00a0\u00bb+\u00a0\u00bb _builder_version=\u00a0\u00bb3.29.2&Prime; _dynamic_attributes=\u00a0\u00bbbutton_url\u00a0\u00bb background_image=\u00a0\u00bbhttp:\/\/rg-a.fr\/wp-content\/uploads\/2023\/07\/23-026-GIBOIRE-SARZEAU_Coeur_02_BD.jpg\u00a0\u00bb custom_button=\u00a0\u00bbon\u00a0\u00bb button_text_size=\u00a0\u00bb20px\u00a0\u00bb button_border_radius=\u00a0\u00bb95px\u00a0\u00bb button_font=\u00a0\u00bb||||||||\u00a0\u00bb button_use_icon=\u00a0\u00bboff\u00a0\u00bb min_height=\u00a0\u00bb301px\u00a0\u00bb custom_margin=\u00a0\u00bb||115px|||\u00a0\u00bb animation_style=\u00a0\u00bbfade\u00a0\u00bb animation_delay=\u00a0\u00bb500ms\u00a0\u00bb _i=\u00a0\u00bb0&Prime; _address=\u00a0\u00bb2.0.2.0&Prime;]Sarzeau[\/et_pb_cta][\/et_pb_column][\/et_pb_row][et_pb_row column_structure=\u00a0\u00bb1_3,1_3,1_3&Prime; _builder_version=\u00a0\u00bb3.29.2&Prime; module_alignment=\u00a0\u00bbcenter\u00a0\u00bb custom_margin=\u00a0\u00bb20px|auto||auto||\u00a0\u00bb _i=\u00a0\u00bb1&Prime; _address=\u00a0\u00bb2.1&Prime;][et_pb_column type=\u00a0\u00bb1_3&Prime; _builder_version=\u00a0\u00bb3.29.2&Prime; _i=\u00a0\u00bb0&Prime; _address=\u00a0\u00bb2.1.0&Prime;][et_pb_cta title=\u00a0\u00bb45 logements La No\u00e9\u00a0\u00bb button_url=\u00a0\u00bb@ET-DC@eyJkeW5hbWljIjp0cnVlLCJjb250ZW50IjoicG9zdF9saW5rX3VybF9wYWdlIiwic2V0dGluZ3MiOnsicG9zdF9pZCI6IjI4OSJ9fQ==@\u00a0\u00bb button_text=\u00a0\u00bb+\u00a0\u00bb _builder_version=\u00a0\u00bb3.29.2&Prime; _dynamic_attributes=\u00a0\u00bbbutton_url\u00a0\u00bb background_image=\u00a0\u00bbhttp:\/\/rg-a.fr\/wp-content\/uploads\/2019\/10\/RGA-giboire-lanoe-vannes-logements-facade-arriere.jpg\u00a0\u00bb custom_button=\u00a0\u00bbon\u00a0\u00bb button_text_size=\u00a0\u00bb20px\u00a0\u00bb button_border_radius=\u00a0\u00bb95px\u00a0\u00bb button_font=\u00a0\u00bb||||||||\u00a0\u00bb button_use_icon=\u00a0\u00bboff\u00a0\u00bb min_height=\u00a0\u00bb301px\u00a0\u00bb custom_margin=\u00a0\u00bb||115px|||\u00a0\u00bb animation_style=\u00a0\u00bbfade\u00a0\u00bb animation_delay=\u00a0\u00bb500ms\u00a0\u00bb _i=\u00a0\u00bb0&Prime; _address=\u00a0\u00bb2.1.0.0&Prime;]Vannes[\/et_pb_cta][\/et_pb_column][et_pb_column type=\u00a0\u00bb1_3&Prime; _builder_version=\u00a0\u00bb3.29.2&Prime; _i=\u00a0\u00bb1&Prime; _address=\u00a0\u00bb2.1.1&Prime;][et_pb_cta title=\u00a0\u00bbEHPAD Villa Tohannic\u00a0\u00bb button_url=\u00a0\u00bb@ET-DC@eyJkeW5hbWljIjp0cnVlLCJjb250ZW50IjoicG9zdF9saW5rX3VybF9wYWdlIiwic2V0dGluZ3MiOnsicG9zdF9pZCI6IjMxOCJ9fQ==@\u00a0\u00bb button_text=\u00a0\u00bb+\u00a0\u00bb _builder_version=\u00a0\u00bb3.29.2&Prime; _dynamic_attributes=\u00a0\u00bbbutton_url\u00a0\u00bb background_image=\u00a0\u00bbhttp:\/\/rg-a.fr\/wp-content\/uploads\/2019\/10\/RGA-EHPAD-vannes-villa-tohannic-vue-entree-nuit.jpg\u00a0\u00bb custom_button=\u00a0\u00bbon\u00a0\u00bb button_text_size=\u00a0\u00bb20px\u00a0\u00bb button_border_radius=\u00a0\u00bb95px\u00a0\u00bb button_font=\u00a0\u00bb||||||||\u00a0\u00bb button_use_icon=\u00a0\u00bboff\u00a0\u00bb min_height=\u00a0\u00bb301px\u00a0\u00bb custom_margin=\u00a0\u00bb||6px|||\u00a0\u00bb animation_style=\u00a0\u00bbfade\u00a0\u00bb animation_delay=\u00a0\u00bb500ms\u00a0\u00bb _i=\u00a0\u00bb0&Prime; _address=\u00a0\u00bb2.1.1.0&Prime;]Vannes[\/et_pb_cta][\/et_pb_column][et_pb_column type=\u00a0\u00bb1_3&Prime; _builder_version=\u00a0\u00bb3.29.2&Prime; _i=\u00a0\u00bb2&Prime; _address=\u00a0\u00bb2.1.2&Prime;][et_pb_cta title=\u00a0\u00bb84 logements\u00a0\u00bb button_url=\u00a0\u00bb@ET-DC@eyJkeW5hbWljIjp0cnVlLCJjb250ZW50IjoicG9zdF9saW5rX3VybF9wYWdlIiwic2V0dGluZ3MiOnsicG9zdF9pZCI6IjM2MiJ9fQ==@\u00a0\u00bb button_text=\u00a0\u00bb+\u00a0\u00bb _builder_version=\u00a0\u00bb3.29.2&Prime; _dynamic_attributes=\u00a0\u00bbbutton_url\u00a0\u00bb background_image=\u00a0\u00bbhttp:\/\/rg-a.fr\/wp-content\/uploads\/2025\/07\/COGEDIM_Concarneau_vue_sud_2024\u00a9spectrum-copie-scaled.jpg\u00a0\u00bb custom_button=\u00a0\u00bbon\u00a0\u00bb button_text_size=\u00a0\u00bb20px\u00a0\u00bb button_border_radius=\u00a0\u00bb95px\u00a0\u00bb button_font=\u00a0\u00bb||||||||\u00a0\u00bb button_use_icon=\u00a0\u00bboff\u00a0\u00bb min_height=\u00a0\u00bb301px\u00a0\u00bb custom_margin=\u00a0\u00bb||115px|||\u00a0\u00bb animation_style=\u00a0\u00bbfade\u00a0\u00bb animation_delay=\u00a0\u00bb500ms\u00a0\u00bb _i=\u00a0\u00bb0&Prime; _address=\u00a0\u00bb2.1.2.0&Prime;]<\/p>\n<p>Concarneau<\/p>\n<p>[\/et_pb_cta][\/et_pb_column][\/et_pb_row][et_pb_row column_structure=\u00a0\u00bb1_3,1_3,1_3&Prime; _builder_version=\u00a0\u00bb3.29.2&Prime; module_alignment=\u00a0\u00bbcenter\u00a0\u00bb custom_margin=\u00a0\u00bb-63px|auto||auto||\u00a0\u00bb _i=\u00a0\u00bb2&Prime; _address=\u00a0\u00bb2.2&Prime;][et_pb_column type=\u00a0\u00bb1_3&Prime; _builder_version=\u00a0\u00bb3.29.2&Prime; _i=\u00a0\u00bb0&Prime; _address=\u00a0\u00bb2.2.0&Prime;][et_pb_cta title=\u00a0\u00bbEvidence\u00a0\u00bb button_url=\u00a0\u00bb@ET-DC@eyJkeW5hbWljIjp0cnVlLCJjb250ZW50IjoicG9zdF9saW5rX3VybF9wYWdlIiwic2V0dGluZ3MiOnsicG9zdF9pZCI6IjM3OSJ9fQ==@\u00a0\u00bb button_text=\u00a0\u00bb+\u00a0\u00bb _builder_version=\u00a0\u00bb3.29.2&Prime; _dynamic_attributes=\u00a0\u00bbbutton_url\u00a0\u00bb background_image=\u00a0\u00bbhttp:\/\/rg-a.fr\/wp-content\/uploads\/2025\/11\/RGA_lgts_St_Anne_VANNES_a-17.jpg\u00a0\u00bb custom_button=\u00a0\u00bbon\u00a0\u00bb button_text_size=\u00a0\u00bb20px\u00a0\u00bb button_border_radius=\u00a0\u00bb95px\u00a0\u00bb button_font=\u00a0\u00bb||||||||\u00a0\u00bb button_use_icon=\u00a0\u00bboff\u00a0\u00bb min_height=\u00a0\u00bb301px\u00a0\u00bb custom_margin=\u00a0\u00bb||115px|||\u00a0\u00bb animation_style=\u00a0\u00bbfade\u00a0\u00bb animation_delay=\u00a0\u00bb500ms\u00a0\u00bb _i=\u00a0\u00bb0&Prime; _address=\u00a0\u00bb2.2.0.0&Prime;]<\/p>\n<p>Vannes<\/p>\n<p>[\/et_pb_cta][\/et_pb_column][et_pb_column type=\u00a0\u00bb1_3&Prime; _builder_version=\u00a0\u00bb3.29.2&Prime; _i=\u00a0\u00bb1&Prime; _address=\u00a0\u00bb2.2.1&Prime;][et_pb_cta title=\u00a0\u00bbCosmao\u00a0\u00bb button_url=\u00a0\u00bb@ET-DC@eyJkeW5hbWljIjp0cnVlLCJjb250ZW50IjoicG9zdF9saW5rX3VybF9wYWdlIiwic2V0dGluZ3MiOnsicG9zdF9pZCI6IjQwMyJ9fQ==@\u00a0\u00bb button_text=\u00a0\u00bb+\u00a0\u00bb _builder_version=\u00a0\u00bb3.29.2&Prime; _dynamic_attributes=\u00a0\u00bbbutton_url\u00a0\u00bb background_image=\u00a0\u00bbhttp:\/\/rg-a.fr\/wp-content\/uploads\/2026\/01\/01-VUE-RUE-MODIFS-scaled.jpg\u00a0\u00bb custom_button=\u00a0\u00bbon\u00a0\u00bb button_text_size=\u00a0\u00bb20px\u00a0\u00bb button_border_radius=\u00a0\u00bb95px\u00a0\u00bb button_font=\u00a0\u00bb||||||||\u00a0\u00bb button_use_icon=\u00a0\u00bboff\u00a0\u00bb min_height=\u00a0\u00bb301px\u00a0\u00bb custom_margin=\u00a0\u00bb||6px|||\u00a0\u00bb animation_style=\u00a0\u00bbfade\u00a0\u00bb animation_delay=\u00a0\u00bb500ms\u00a0\u00bb hover_enabled=\u00a0\u00bb0&Prime; _i=\u00a0\u00bb0&Prime; _address=\u00a0\u00bb2.2.1.0&Prime;]<\/p>\n<p>Lorient<\/p>\n<p>[\/et_pb_cta][\/et_pb_column][et_pb_column type=\u00a0\u00bb1_3&Prime; _builder_version=\u00a0\u00bb3.29.2&Prime; _i=\u00a0\u00bb2&Prime; _address=\u00a0\u00bb2.2.2&Prime;][et_pb_cta title=\u00a0\u00bbilot C18&Prime; button_url=\u00a0\u00bb@ET-DC@eyJkeW5hbWljIjp0cnVlLCJjb250ZW50IjoicG9zdF9saW5rX3VybF9wYWdlIiwic2V0dGluZ3MiOnsicG9zdF9pZCI6IjQxMSJ9fQ==@\u00a0\u00bb button_text=\u00a0\u00bb+\u00a0\u00bb content_last_edited=\u00a0\u00bbon|desktop\u00a0\u00bb _builder_version=\u00a0\u00bb3.29.2&Prime; _dynamic_attributes=\u00a0\u00bbbutton_url\u00a0\u00bb background_image=\u00a0\u00bbhttp:\/\/rg-a.fr\/wp-content\/uploads\/2025\/09\/COGEDIM_RGA_SAINT_AVE_vue_1-_2025\u00a9spectrum-scaled.jpg\u00a0\u00bb custom_button=\u00a0\u00bbon\u00a0\u00bb button_text_size=\u00a0\u00bb20px\u00a0\u00bb button_border_radius=\u00a0\u00bb95px\u00a0\u00bb button_font=\u00a0\u00bb||||||||\u00a0\u00bb button_use_icon=\u00a0\u00bboff\u00a0\u00bb min_height=\u00a0\u00bb301px\u00a0\u00bb custom_margin=\u00a0\u00bb||115px|||\u00a0\u00bb animation_style=\u00a0\u00bbfade\u00a0\u00bb animation_delay=\u00a0\u00bb500ms\u00a0\u00bb _i=\u00a0\u00bb0&Prime; _address=\u00a0\u00bb2.2.2.0&Prime;]<\/p>\n<p>ZAC Beausoleil<\/p>\n<p>[\/et_pb_cta][\/et_pb_column][\/et_pb_row][\/et_pb_section][et_pb_section fb_built=\u00a0\u00bb1&Prime; _builder_version=\u00a0\u00bb3.29.2&Prime; background_color=\u00a0\u00bb#ffffff\u00a0\u00bb min_height=\u00a0\u00bb135px\u00a0\u00bb custom_margin=\u00a0\u00bb0px|||||\u00a0\u00bb custom_padding=\u00a0\u00bb6px||1px|||\u00a0\u00bb fb_built=\u00a0\u00bb1&Prime; _i=\u00a0\u00bb3&Prime; _address=\u00a0\u00bb3&Prime;][et_pb_row _builder_version=\u00a0\u00bb3.29.2&Prime; min_height=\u00a0\u00bb448px\u00a0\u00bb custom_margin=\u00a0\u00bb|auto|-195px|auto||\u00a0\u00bb _i=\u00a0\u00bb0&Prime; _address=\u00a0\u00bb3.0&Prime;][et_pb_column type=\u00a0\u00bb4_4&Prime; _builder_version=\u00a0\u00bb3.29.2&Prime; _i=\u00a0\u00bb0&Prime; _address=\u00a0\u00bb3.0.0&Prime;][et_pb_text _builder_version=\u00a0\u00bb3.29.2&Prime; min_height=\u00a0\u00bb488px\u00a0\u00bb custom_margin=\u00a0\u00bb-24px||3px|||\u00a0\u00bb custom_padding=\u00a0\u00bb||43px|||\u00a0\u00bb animation_style=\u00a0\u00bbfade\u00a0\u00bb animation_duration=\u00a0\u00bb350ms\u00a0\u00bb animation_delay=\u00a0\u00bb200ms\u00a0\u00bb _i=\u00a0\u00bb0&Prime; _address=\u00a0\u00bb3.0.0.0&Prime;]<\/p>\n<h3 style=\"text-align: center;\">CONTACT :<\/h3>\n<p style=\"text-align: center;\">\n<p style=\"text-align: center;\">P \/ 06 37 36 95 03<\/p>\n<p style=\"text-align: center;\">M \/ <a href=\"mailto:romaingregoire@rg-a.fr\">accueil@rg-a.fr<\/a><\/p>\n<p style=\"text-align: center;\">\n<p style=\"text-align: center;\">\u00a0<span style=\"font-size: 14px; text-align: center;\">Agence d&rsquo;architecture<\/span><\/p>\n<p style=\"text-align: center;\"><strong>RGA<\/strong> Romain Gr\u00e9goire Architecte<\/p>\n<p style=\"text-align: center;\">29 rue de Strasbourg<\/p>\n<p style=\"text-align: center;\">56000 VANNES<\/p>\n<p style=\"text-align: center;\">\n<p style=\"text-align: center;\">\n<p style=\"text-align: center;\">\n<p>[\/et_pb_text][\/et_pb_column][\/et_pb_row][\/et_pb_section]<\/p>\n","protected":false},"excerpt":{"rendered":"<p>[et_pb_section fb_built=\u00a0\u00bb1&Prime; module_id=\u00a0\u00bbhello\u00a0\u00bb _builder_version=\u00a0\u00bb3.29.2&Prime; background_image=\u00a0\u00bbhttp:\/\/rg-a.fr\/wp-content\/uploads\/2025\/07\/COGEDIM_Concarneau_vue_jardin_v3_2024\u00a9spectrum-copie-2-scaled.jpg\u00a0\u00bb min_height=\u00a0\u00bb865px\u00a0\u00bb custom_padding=\u00a0\u00bb||2px|||\u00a0\u00bb animation_style=\u00a0\u00bbfade\u00a0\u00bb animation_duration=\u00a0\u00bb650ms\u00a0\u00bb animation_delay=\u00a0\u00bb400ms\u00a0\u00bb fb_built=\u00a0\u00bb1&Prime; _i=\u00a0\u00bb0&Prime; _address=\u00a0\u00bb0&Prime;][et_pb_row _builder_version=\u00a0\u00bb3.29.2&Prime; custom_margin=\u00a0\u00bb|auto|-46px|auto||\u00a0\u00bb _i=\u00a0\u00bb0&Prime; _address=\u00a0\u00bb0.0&Prime;][et_pb_column type=\u00a0\u00bb4_4&Prime; _builder_version=\u00a0\u00bb3.29.2&Prime; _i=\u00a0\u00bb0&Prime; _address=\u00a0\u00bb0.0.0&Prime;][et_pb_text _builder_version=\u00a0\u00bb3.29.2&Prime; text_font=\u00a0\u00bbArial||||||||\u00a0\u00bb text_text_color=\u00a0\u00bb#000000&Prime; text_font_size=\u00a0\u00bb24px\u00a0\u00bb text_orientation=\u00a0\u00bbcenter\u00a0\u00bb animation_style=\u00a0\u00bbfade\u00a0\u00bb animation_duration=\u00a0\u00bb1500ms\u00a0\u00bb animation_delay=\u00a0\u00bb1000ms\u00a0\u00bb _i=\u00a0\u00bb0&Prime; _address=\u00a0\u00bb0.0.0.0&Prime;] RGA Romain Gr\u00e9goire Architecte [\/et_pb_text][\/et_pb_column][\/et_pb_row][\/et_pb_section][et_pb_section fb_built=\u00a0\u00bb1&Prime; _builder_version=\u00a0\u00bb3.29.2&Prime; custom_padding=\u00a0\u00bb0px||1px|||\u00a0\u00bb fb_built=\u00a0\u00bb1&Prime; _i=\u00a0\u00bb1&Prime; _address=\u00a0\u00bb1&Prime;][et_pb_row _builder_version=\u00a0\u00bb3.29.2&Prime; min_height=\u00a0\u00bb104px\u00a0\u00bb _i=\u00a0\u00bb0&Prime; _address=\u00a0\u00bb1.0&Prime;][et_pb_column type=\u00a0\u00bb4_4&Prime; _builder_version=\u00a0\u00bb3.29.2&Prime; _i=\u00a0\u00bb0&Prime; _address=\u00a0\u00bb1.0.0&Prime;][et_pb_text _builder_version=\u00a0\u00bb3.29.2&Prime; _i=\u00a0\u00bb0&Prime; _address=\u00a0\u00bb1.0.0.0&Prime;] PROJETS [\/et_pb_text][\/et_pb_column][\/et_pb_row][\/et_pb_section][et_pb_section [&hellip;]<\/p>\n","protected":false},"author":1,"featured_media":0,"parent":0,"menu_order":0,"comment_status":"closed","ping_status":"closed","template":"","meta":{"_et_pb_use_builder":"on","_et_pb_old_content":"<!-- wp:paragraph -->\n<p>Ceci est une page d\u2019exemple. C\u2019est diff\u00e9rent d\u2019un article de blog parce qu\u2019elle restera au m\u00eame endroit et appara\u00eetra dans la navigation de votre site (dans la plupart des th\u00e8mes). La plupart des gens commencent par une page \u00ab\u00a0\u00c0 propos\u00a0\u00bb qui les pr\u00e9sente aux visiteurs du site. Cela pourrait ressembler \u00e0 quelque chose comme cela\u00a0:<\/p>\n<!-- \/wp:paragraph -->\n\n<!-- wp:quote -->\n<blockquote class=\"wp-block-quote\"><p>Bonjour\u00a0! Je suis un m\u00e9canicien qui aspire \u00e0 devenir acteur, et voici mon site. J\u2019habite \u00e0 Bordeaux, j\u2019ai un super chien baptis\u00e9 Russell, et j\u2019aime la vodka-ananas (ainsi qu\u2019\u00eatre surpris par la pluie soudaine lors de longues balades sur la plage au coucher du soleil).<\/p><\/blockquote>\n<!-- \/wp:quote -->\n\n<!-- wp:paragraph -->\n<p>... ou quelque chose comme cela\u00a0:<\/p>\n<!-- \/wp:paragraph -->\n\n<!-- wp:quote -->\n<blockquote class=\"wp-block-quote\"><p>La soci\u00e9t\u00e9 123 Machin Truc a \u00e9t\u00e9 cr\u00e9\u00e9e en 1971, et n\u2019a cess\u00e9 de proposer au public des machins-trucs de qualit\u00e9 depuis lors. Situ\u00e9e \u00e0 Saint-Remy-en-Bouzemont-Saint-Genest-et-Isson, 123 Machin Truc emploie 2 000 personnes, et fabrique toutes sortes de bidules super pour la communaut\u00e9 bouzemontoise.<\/p><\/blockquote>\n<!-- \/wp:quote -->\n\n<!-- wp:paragraph -->\n<p>En tant que nouvel\u00b7le utilisateur ou utilisatrice de WordPress, vous devriez vous rendre sur <a href=\"http:\/\/rg-a.fr\/wp-admin\/\">votre tableau de bord<\/a> pour supprimer cette page et cr\u00e9er de nouvelles pages pour votre contenu. Amusez-vous bien\u00a0!<\/p>\n<!-- \/wp:paragraph -->","footnotes":""},"_links":{"self":[{"href":"http:\/\/rg-a.fr\/index.php\/wp-json\/wp\/v2\/pages\/2"}],"collection":[{"href":"http:\/\/rg-a.fr\/index.php\/wp-json\/wp\/v2\/pages"}],"about":[{"href":"http:\/\/rg-a.fr\/index.php\/wp-json\/wp\/v2\/types\/page"}],"author":[{"embeddable":true,"href":"http:\/\/rg-a.fr\/index.php\/wp-json\/wp\/v2\/users\/1"}],"replies":[{"embeddable":true,"href":"http:\/\/rg-a.fr\/index.php\/wp-json\/wp\/v2\/comments?post=2"}],"version-history":[{"count":94,"href":"http:\/\/rg-a.fr\/index.php\/wp-json\/wp\/v2\/pages\/2\/revisions"}],"predecessor-version":[{"id":669,"href":"http:\/\/rg-a.fr\/index.php\/wp-json\/wp\/v2\/pages\/2\/revisions\/669"}],"wp:attachment":[{"href":"http:\/\/rg-a.fr\/index.php\/wp-json\/wp\/v2\/media?parent=2"}],"curies":[{"name":"wp","href":"https:\/\/api.w.org\/{rel}","templated":true}]}}