{"id":318,"date":"2019-10-15T22:09:29","date_gmt":"2019-10-15T20:09:29","guid":{"rendered":"http:\/\/rg-a.fr\/?page_id=318"},"modified":"2026-01-20T11:16:24","modified_gmt":"2026-01-20T10:16:24","slug":"ehpad-villa-tohannic","status":"publish","type":"page","link":"http:\/\/rg-a.fr\/index.php\/ehpad-villa-tohannic\/","title":{"rendered":"EHPAD Villa Tohannic"},"content":{"rendered":"<p>[et_pb_section fb_built=\u00a0\u00bb1&Prime; _builder_version=\u00a0\u00bb3.29.2&Prime; use_background_color_gradient=\u00a0\u00bbon\u00a0\u00bb background_image=\u00a0\u00bbhttp:\/\/rg-a.fr\/wp-content\/uploads\/2019\/10\/RGA-EHPAD-vannes-villa-tohannic-vue-facade-nuit-jardin.jpg\u00a0\u00bb min_height=\u00a0\u00bb559px\u00a0\u00bb custom_margin=\u00a0\u00bb52px|||||\u00a0\u00bb animation_style=\u00a0\u00bbfade\u00a0\u00bb animation_duration=\u00a0\u00bb500ms\u00a0\u00bb animation_delay=\u00a0\u00bb500ms\u00a0\u00bb fb_built=\u00a0\u00bb1&Prime; _i=\u00a0\u00bb0&Prime; _address=\u00a0\u00bb0&Prime;][et_pb_row _builder_version=\u00a0\u00bb3.29.2&Prime; custom_margin=\u00a0\u00bb61px|auto||auto||\u00a0\u00bb custom_padding=\u00a0\u00bb0px|||||\u00a0\u00bb _i=\u00a0\u00bb0&Prime; _address=\u00a0\u00bb0.0&Prime;][et_pb_column type=\u00a0\u00bb4_4&Prime; _builder_version=\u00a0\u00bb3.29.2&Prime; _i=\u00a0\u00bb0&Prime; _address=\u00a0\u00bb0.0.0&Prime;][et_pb_text _builder_version=\u00a0\u00bb3.29.2&Prime; background_layout=\u00a0\u00bbdark\u00a0\u00bb animation_style=\u00a0\u00bbfade\u00a0\u00bb animation_duration=\u00a0\u00bb1500ms\u00a0\u00bb animation_delay=\u00a0\u00bb800ms\u00a0\u00bb _i=\u00a0\u00bb0&Prime; _address=\u00a0\u00bb0.0.0.0&Prime;]<\/p>\n<h3 style=\"text-align: center;\">EHPAD VILLA TOHANNIC<\/h3>\n<h3 style=\"text-align: center;\">A VANNES<\/h3>\n<p>[\/et_pb_text][\/et_pb_column][\/et_pb_row][\/et_pb_section][et_pb_section fb_built=\u00a0\u00bb1&Prime; _builder_version=\u00a0\u00bb3.29.2&Prime; min_height=\u00a0\u00bb544px\u00a0\u00bb custom_margin=\u00a0\u00bb||-56px|||\u00a0\u00bb fb_built=\u00a0\u00bb1&Prime; _i=\u00a0\u00bb1&Prime; _address=\u00a0\u00bb1&Prime;][et_pb_row column_structure=\u00a0\u00bb1_2,1_2&Prime; _builder_version=\u00a0\u00bb3.29.2&Prime; _i=\u00a0\u00bb0&Prime; _address=\u00a0\u00bb1.0&Prime;][et_pb_column type=\u00a0\u00bb1_2&Prime; _builder_version=\u00a0\u00bb3.29.2&Prime; _i=\u00a0\u00bb0&Prime; _address=\u00a0\u00bb1.0.0&Prime;][et_pb_image src=\u00a0\u00bbhttp:\/\/rg-a.fr\/wp-content\/uploads\/2019\/10\/RGA-EHPAD-vannes-villa-tohannic-vue-facade.jpg\u00a0\u00bb _builder_version=\u00a0\u00bb3.29.2&Prime; custom_margin=\u00a0\u00bb|-14px||||\u00a0\u00bb custom_padding=\u00a0\u00bb|15px||||\u00a0\u00bb animation_style=\u00a0\u00bbfade\u00a0\u00bb animation_duration=\u00a0\u00bb500ms\u00a0\u00bb animation_delay=\u00a0\u00bb500ms\u00a0\u00bb hover_enabled=\u00a0\u00bb0&Prime; _i=\u00a0\u00bb0&Prime; _address=\u00a0\u00bb1.0.0.0&Prime;][\/et_pb_image][et_pb_text _builder_version=\u00a0\u00bb3.29.2&Prime; animation_style=\u00a0\u00bbfade\u00a0\u00bb animation_duration=\u00a0\u00bb500ms\u00a0\u00bb animation_delay=\u00a0\u00bb500ms\u00a0\u00bb _i=\u00a0\u00bb1&Prime; _address=\u00a0\u00bb1.0.0.1&Prime;]<\/p>\n<h5>Zoom sur les balcons des chambres.<\/h5>\n<p>[\/et_pb_text][\/et_pb_column][et_pb_column type=\u00a0\u00bb1_2&Prime; _builder_version=\u00a0\u00bb3.29.2&Prime; _i=\u00a0\u00bb1&Prime; _address=\u00a0\u00bb1.0.1&Prime;][et_pb_image src=\u00a0\u00bbhttp:\/\/rg-a.fr\/wp-content\/uploads\/2019\/10\/RGA-EHPAD-vannes-villa-tohannic-vue-jardin-nuit.jpg\u00a0\u00bb _builder_version=\u00a0\u00bb3.29.2&Prime; animation_style=\u00a0\u00bbfade\u00a0\u00bb animation_duration=\u00a0\u00bb500ms\u00a0\u00bb animation_delay=\u00a0\u00bb500ms\u00a0\u00bb hover_enabled=\u00a0\u00bb0&Prime; _i=\u00a0\u00bb0&Prime; _address=\u00a0\u00bb1.0.1.0&Prime;][\/et_pb_image][et_pb_text _builder_version=\u00a0\u00bb3.29.2&Prime; animation_style=\u00a0\u00bbfade\u00a0\u00bb animation_duration=\u00a0\u00bb500ms\u00a0\u00bb animation_delay=\u00a0\u00bb500ms\u00a0\u00bb _i=\u00a0\u00bb1&Prime; _address=\u00a0\u00bb1.0.1.1&Prime;]<\/p>\n<h5>Vue de nuit du jardin principal.<\/h5>\n<p>[\/et_pb_text][\/et_pb_column][\/et_pb_row][\/et_pb_section][et_pb_section fb_built=\u00a0\u00bb1&Prime; _builder_version=\u00a0\u00bb3.29.2&Prime; background_image=\u00a0\u00bbhttp:\/\/rg-a.fr\/wp-content\/uploads\/2019\/10\/RGA-EHPAD-vannes-villa-tohannic-vue-jardin-loitaine-nuit.jpg\u00a0\u00bb parallax=\u00a0\u00bbon\u00a0\u00bb min_height=\u00a0\u00bb1051px\u00a0\u00bb custom_margin=\u00a0\u00bb-23px||4px|||\u00a0\u00bb animation_style=\u00a0\u00bbfade\u00a0\u00bb animation_duration=\u00a0\u00bb500ms\u00a0\u00bb animation_delay=\u00a0\u00bb500ms\u00a0\u00bb fb_built=\u00a0\u00bb1&Prime; _i=\u00a0\u00bb2&Prime; _address=\u00a0\u00bb2&Prime;][\/et_pb_section][et_pb_section fb_built=\u00a0\u00bb1&Prime; _builder_version=\u00a0\u00bb3.29.2&Prime; min_height=\u00a0\u00bb699px\u00a0\u00bb custom_margin=\u00a0\u00bb3px|||||\u00a0\u00bb fb_built=\u00a0\u00bb1&Prime; _i=\u00a0\u00bb3&Prime; _address=\u00a0\u00bb3&Prime;][et_pb_row column_structure=\u00a0\u00bb1_2,1_2&Prime; _builder_version=\u00a0\u00bb3.29.2&Prime; _i=\u00a0\u00bb0&Prime; _address=\u00a0\u00bb3.0&Prime;][et_pb_column type=\u00a0\u00bb1_2&Prime; _builder_version=\u00a0\u00bb3.29.2&Prime; _i=\u00a0\u00bb0&Prime; _address=\u00a0\u00bb3.0.0&Prime;][et_pb_image src=\u00a0\u00bbhttp:\/\/rg-a.fr\/wp-content\/uploads\/2019\/10\/RGA-EHPAD-vannes-villa-tohannic-vue-interieure-salon.jpg\u00a0\u00bb _builder_version=\u00a0\u00bb3.29.2&Prime; custom_margin=\u00a0\u00bb|-122px||||\u00a0\u00bb animation_style=\u00a0\u00bbfade\u00a0\u00bb animation_duration=\u00a0\u00bb500ms\u00a0\u00bb animation_delay=\u00a0\u00bb500ms\u00a0\u00bb _i=\u00a0\u00bb0&Prime; _address=\u00a0\u00bb3.0.0.0&Prime;][\/et_pb_image][et_pb_text _builder_version=\u00a0\u00bb3.29.2&Prime; animation_style=\u00a0\u00bbfade\u00a0\u00bb animation_duration=\u00a0\u00bb500ms\u00a0\u00bb animation_delay=\u00a0\u00bb500ms\u00a0\u00bb _i=\u00a0\u00bb1&Prime; _address=\u00a0\u00bb3.0.0.1&Prime;]<\/p>\n<h5>Int\u00e9rieur du salon principal.<\/h5>\n<p>[\/et_pb_text][\/et_pb_column][et_pb_column type=\u00a0\u00bb1_2&Prime; _builder_version=\u00a0\u00bb3.29.2&Prime; _i=\u00a0\u00bb1&Prime; _address=\u00a0\u00bb3.0.1&Prime;][et_pb_image src=\u00a0\u00bbhttp:\/\/rg-a.fr\/wp-content\/uploads\/2019\/10\/RGA-EHPAD-vannes-villa-tohannic-vue-entree-auvent.jpg\u00a0\u00bb _builder_version=\u00a0\u00bb3.29.2&Prime; custom_margin=\u00a0\u00bb|||138px||\u00a0\u00bb animation_style=\u00a0\u00bbfade\u00a0\u00bb animation_duration=\u00a0\u00bb500ms\u00a0\u00bb animation_delay=\u00a0\u00bb500ms\u00a0\u00bb _i=\u00a0\u00bb0&Prime; _address=\u00a0\u00bb3.0.1.0&Prime;][\/et_pb_image][\/et_pb_column][\/et_pb_row][\/et_pb_section][et_pb_section fb_built=\u00a0\u00bb1&Prime; _builder_version=\u00a0\u00bb3.29.2&Prime; background_image=\u00a0\u00bbhttp:\/\/rg-a.fr\/wp-content\/uploads\/2019\/10\/RGA-EHPAD-vannes-villa-tohannic-vue-entree-nuit.jpg\u00a0\u00bb min_height=\u00a0\u00bb849px\u00a0\u00bb custom_margin=\u00a0\u00bb-56px||58px|||\u00a0\u00bb custom_padding=\u00a0\u00bb0px||4px|||\u00a0\u00bb animation_style=\u00a0\u00bbfade\u00a0\u00bb animation_duration=\u00a0\u00bb500ms\u00a0\u00bb animation_delay=\u00a0\u00bb500ms\u00a0\u00bb fb_built=\u00a0\u00bb1&Prime; _i=\u00a0\u00bb4&Prime; _address=\u00a0\u00bb4&Prime;][\/et_pb_section][et_pb_section fb_built=\u00a0\u00bb1&Prime; _builder_version=\u00a0\u00bb3.29.2&Prime; min_height=\u00a0\u00bb8px\u00a0\u00bb fb_built=\u00a0\u00bb1&Prime; _i=\u00a0\u00bb5&Prime; _address=\u00a0\u00bb5&Prime;][et_pb_row _builder_version=\u00a0\u00bb3.29.2&Prime; custom_margin=\u00a0\u00bb-119px|auto||auto||\u00a0\u00bb _i=\u00a0\u00bb0&Prime; _address=\u00a0\u00bb5.0&Prime;][et_pb_column type=\u00a0\u00bb4_4&Prime; _builder_version=\u00a0\u00bb3.29.2&Prime; _i=\u00a0\u00bb0&Prime; _address=\u00a0\u00bb5.0.0&Prime;][et_pb_text _builder_version=\u00a0\u00bb3.29.2&Prime; animation_style=\u00a0\u00bbfade\u00a0\u00bb animation_duration=\u00a0\u00bb500ms\u00a0\u00bb animation_delay=\u00a0\u00bb500ms\u00a0\u00bb _i=\u00a0\u00bb0&Prime; _address=\u00a0\u00bb5.0.0.0&Prime;]<\/p>\n<h5>Vue de l&rsquo;entr\u00e9e de l&rsquo;\u00e9tablissement.<\/h5>\n<p>[\/et_pb_text][\/et_pb_column][\/et_pb_row][\/et_pb_section][et_pb_section fb_built=\u00a0\u00bb1&Prime; _builder_version=\u00a0\u00bb3.29.2&Prime; min_height=\u00a0\u00bb952px\u00a0\u00bb custom_margin=\u00a0\u00bb-56px|||||\u00a0\u00bb fb_built=\u00a0\u00bb1&Prime; _i=\u00a0\u00bb6&Prime; _address=\u00a0\u00bb6&Prime;][et_pb_row column_structure=\u00a0\u00bb1_2,1_2&Prime; _builder_version=\u00a0\u00bb3.29.2&Prime; custom_margin=\u00a0\u00bb-98px|auto||auto||\u00a0\u00bb _i=\u00a0\u00bb0&Prime; _address=\u00a0\u00bb6.0&Prime;][et_pb_column type=\u00a0\u00bb1_2&Prime; _builder_version=\u00a0\u00bb3.29.2&Prime; _i=\u00a0\u00bb0&Prime; _address=\u00a0\u00bb6.0.0&Prime;][et_pb_image src=\u00a0\u00bbhttp:\/\/rg-a.fr\/wp-content\/uploads\/2019\/10\/RGA-EHPAD-vannes-villa-tohannic-vue-jour-jardin.jpg\u00a0\u00bb _builder_version=\u00a0\u00bb3.29.2&Prime; custom_margin=\u00a0\u00bb|-54px|31px|||\u00a0\u00bb animation_style=\u00a0\u00bbfade\u00a0\u00bb animation_duration=\u00a0\u00bb500ms\u00a0\u00bb animation_delay=\u00a0\u00bb500ms\u00a0\u00bb _i=\u00a0\u00bb0&Prime; _address=\u00a0\u00bb6.0.0.0&Prime;][\/et_pb_image][et_pb_text _builder_version=\u00a0\u00bb3.29.2&Prime; animation_style=\u00a0\u00bbfade\u00a0\u00bb animation_duration=\u00a0\u00bb500ms\u00a0\u00bb animation_delay=\u00a0\u00bb500ms\u00a0\u00bb _i=\u00a0\u00bb1&Prime; _address=\u00a0\u00bb6.0.0.1&Prime;]<\/p>\n<h5>Vue depuis le jardin principal.<\/h5>\n<p>[\/et_pb_text][\/et_pb_column][et_pb_column type=\u00a0\u00bb1_2&Prime; _builder_version=\u00a0\u00bb3.29.2&Prime; _i=\u00a0\u00bb1&Prime; _address=\u00a0\u00bb6.0.1&Prime;][et_pb_image src=\u00a0\u00bbhttp:\/\/rg-a.fr\/wp-content\/uploads\/2019\/10\/RGA-EHPAD-vannes-villa-tohannic-vue-interieure-escalier.jpg\u00a0\u00bb _builder_version=\u00a0\u00bb3.29.2&Prime; width=\u00a0\u00bb85.6%\u00a0\u00bb custom_margin=\u00a0\u00bb|||59px||\u00a0\u00bb animation_style=\u00a0\u00bbfade\u00a0\u00bb animation_duration=\u00a0\u00bb500ms\u00a0\u00bb animation_delay=\u00a0\u00bb500ms\u00a0\u00bb _i=\u00a0\u00bb0&Prime; _address=\u00a0\u00bb6.0.1.0&Prime;][\/et_pb_image][et_pb_text _builder_version=\u00a0\u00bb3.29.2&Prime; custom_padding=\u00a0\u00bb|||57px||\u00a0\u00bb animation_style=\u00a0\u00bbfade\u00a0\u00bb animation_duration=\u00a0\u00bb500ms\u00a0\u00bb animation_delay=\u00a0\u00bb500ms\u00a0\u00bb _i=\u00a0\u00bb1&Prime; _address=\u00a0\u00bb6.0.1.1&Prime;]<\/p>\n<h5>Vue de l&rsquo;escalier monumental int\u00e9rieur et sa verri\u00e8re.<\/h5>\n<p>[\/et_pb_text][\/et_pb_column][\/et_pb_row][\/et_pb_section][et_pb_section fb_built=\u00a0\u00bb1&Prime; _builder_version=\u00a0\u00bb3.29.2&Prime; min_height=\u00a0\u00bb442px\u00a0\u00bb custom_margin=\u00a0\u00bb-73px||-189px|||\u00a0\u00bb custom_padding=\u00a0\u00bb17px|||||\u00a0\u00bb fb_built=\u00a0\u00bb1&Prime; _i=\u00a0\u00bb7&Prime; _address=\u00a0\u00bb7&Prime;][et_pb_row _builder_version=\u00a0\u00bb3.29.2&Prime; _i=\u00a0\u00bb0&Prime; _address=\u00a0\u00bb7.0&Prime;][et_pb_column type=\u00a0\u00bb4_4&Prime; _builder_version=\u00a0\u00bb3.29.2&Prime; _i=\u00a0\u00bb0&Prime; _address=\u00a0\u00bb7.0.0&Prime;][et_pb_toggle title=\u00a0\u00bbDESCRIPTIF DU PROJET\u00a0\u00bb open_toggle_background_color=\u00a0\u00bb#ffffff\u00a0\u00bb closed_toggle_background_color=\u00a0\u00bb#ffffff\u00a0\u00bb icon_color=\u00a0\u00bb#b3b3b3&Prime; use_icon_font_size=\u00a0\u00bbon\u00a0\u00bb icon_font_size=\u00a0\u00bb19px\u00a0\u00bb _builder_version=\u00a0\u00bb3.29.2&Prime; title_level=\u00a0\u00bbh4&Prime; custom_margin=\u00a0\u00bb-191px|||||\u00a0\u00bb animation_style=\u00a0\u00bbfade\u00a0\u00bb animation_duration=\u00a0\u00bb500ms\u00a0\u00bb animation_delay=\u00a0\u00bb500ms\u00a0\u00bb border_width_all=\u00a0\u00bb0px\u00a0\u00bb border_style_all=\u00a0\u00bbdotted\u00a0\u00bb border_width_bottom=\u00a0\u00bb6px\u00a0\u00bb border_style_bottom=\u00a0\u00bbridge\u00a0\u00bb _i=\u00a0\u00bb0&Prime; _address=\u00a0\u00bb7.0.0.0&Prime;]<\/p>\n<h5><b>PROGRAMME :<span class=\"Apple-converted-space\">\u00a0<\/span><\/b> <span class=\"Apple-tab-span\"> <\/span>4 unit\u00e9s comprenant 2 unit\u00e9s personnes d\u00e9sorient\u00e9es pour un total de 101 lits, cuisine de production,\u00a0<span style=\"font-size: 16px;\">3 salles \u00e0 manger, 1 salon principal et 4 salons d&rsquo;unit\u00e9s,\u00a0<\/span><span style=\"font-size: 16px;\">bureaux 200m2, cabinets m\u00e9dicaux 250m2,\u00a0<\/span><span style=\"font-size: 16px;\">salon de coiffure, parking sous-sol 50 places, buanderie,\u00a0<\/span><span style=\"font-size: 16px;\">accueil de jour.<\/span><\/h5>\n<h5><b>MAITRE D&rsquo;OUVRAGE :<\/b> <span class=\"Apple-tab-span\"> <\/span>LNA Sant\u00e9<\/h5>\n<h5><b>\u00c9QUIPE :<\/b> <span class=\"Apple-tab-span\"> <\/span>Studio02architectes mandataire, RGA architecte associ\u00e9<\/h5>\n<h5><b>BET :<\/b><span class=\"Apple-tab-span\"> <\/span>EGIS, BEGC, SERDB, Phytolab<\/h5>\n<h5><b>BUDGET : <\/b><span class=\"Apple-tab-span\"> <\/span>9 100 000\u20ac HT<\/h5>\n<h5><b>SURFACE :<\/b><span class=\"Apple-tab-span\"> <\/span>5 000 m2<\/h5>\n<h5><b>MISSION : <\/b><span class=\"Apple-tab-span\"> <\/span><span class=\"Apple-converted-space\">\u00a0 <span class=\"Apple-tab-span\"> <\/span><\/span>Compl\u00e8te<\/h5>\n<p>[\/et_pb_toggle][\/et_pb_column][\/et_pb_row][\/et_pb_section][et_pb_section fb_built=\u00a0\u00bb1&Prime; _builder_version=\u00a0\u00bb3.29.2&Prime; min_height=\u00a0\u00bb157px\u00a0\u00bb custom_margin=\u00a0\u00bb54px||18px|||\u00a0\u00bb custom_padding=\u00a0\u00bb2px|||||\u00a0\u00bb fb_built=\u00a0\u00bb1&Prime; _i=\u00a0\u00bb8&Prime; _address=\u00a0\u00bb8&Prime;][et_pb_row _builder_version=\u00a0\u00bb3.29.2&Prime; min_height=\u00a0\u00bb119px\u00a0\u00bb custom_margin=\u00a0\u00bb-167px|auto||auto||\u00a0\u00bb _i=\u00a0\u00bb0&Prime; _address=\u00a0\u00bb8.0&Prime;][et_pb_column type=\u00a0\u00bb4_4&Prime; _builder_version=\u00a0\u00bb3.29.2&Prime; _i=\u00a0\u00bb0&Prime; _address=\u00a0\u00bb8.0.0&Prime;][et_pb_button button_url=\u00a0\u00bbhttp:\/\/rg-a.fr\/\u00a0\u00bb button_text=\u00a0\u00bbRETOUR\u00a0\u00bb button_alignment=\u00a0\u00bbcenter\u00a0\u00bb _builder_version=\u00a0\u00bb3.29.2&Prime; custom_button=\u00a0\u00bbon\u00a0\u00bb button_bg_color=\u00a0\u00bb#ffffff\u00a0\u00bb button_border_radius=\u00a0\u00bb44px\u00a0\u00bb button_use_icon=\u00a0\u00bboff\u00a0\u00bb _i=\u00a0\u00bb0&Prime; _address=\u00a0\u00bb8.0.0.0&Prime; button_bg_enable_color=\u00a0\u00bbon\u00a0\u00bb min_height=\u00a0\u00bb44px\u00a0\u00bb][\/et_pb_button][\/et_pb_column][\/et_pb_row][\/et_pb_section]<\/p>\n","protected":false},"excerpt":{"rendered":"<p>[et_pb_section fb_built=\u00a0\u00bb1&Prime; _builder_version=\u00a0\u00bb3.29.2&Prime; use_background_color_gradient=\u00a0\u00bbon\u00a0\u00bb background_image=\u00a0\u00bbhttp:\/\/rg-a.fr\/wp-content\/uploads\/2019\/10\/RGA-EHPAD-vannes-villa-tohannic-vue-facade-nuit-jardin.jpg\u00a0\u00bb min_height=\u00a0\u00bb559px\u00a0\u00bb custom_margin=\u00a0\u00bb52px|||||\u00a0\u00bb animation_style=\u00a0\u00bbfade\u00a0\u00bb animation_duration=\u00a0\u00bb500ms\u00a0\u00bb animation_delay=\u00a0\u00bb500ms\u00a0\u00bb fb_built=\u00a0\u00bb1&Prime; _i=\u00a0\u00bb0&Prime; _address=\u00a0\u00bb0&Prime;][et_pb_row _builder_version=\u00a0\u00bb3.29.2&Prime; custom_margin=\u00a0\u00bb61px|auto||auto||\u00a0\u00bb custom_padding=\u00a0\u00bb0px|||||\u00a0\u00bb _i=\u00a0\u00bb0&Prime; _address=\u00a0\u00bb0.0&Prime;][et_pb_column type=\u00a0\u00bb4_4&Prime; _builder_version=\u00a0\u00bb3.29.2&Prime; _i=\u00a0\u00bb0&Prime; _address=\u00a0\u00bb0.0.0&Prime;][et_pb_text _builder_version=\u00a0\u00bb3.29.2&Prime; background_layout=\u00a0\u00bbdark\u00a0\u00bb animation_style=\u00a0\u00bbfade\u00a0\u00bb animation_duration=\u00a0\u00bb1500ms\u00a0\u00bb animation_delay=\u00a0\u00bb800ms\u00a0\u00bb _i=\u00a0\u00bb0&Prime; _address=\u00a0\u00bb0.0.0.0&Prime;] EHPAD VILLA TOHANNIC A VANNES [\/et_pb_text][\/et_pb_column][\/et_pb_row][\/et_pb_section][et_pb_section fb_built=\u00a0\u00bb1&Prime; _builder_version=\u00a0\u00bb3.29.2&Prime; min_height=\u00a0\u00bb544px\u00a0\u00bb custom_margin=\u00a0\u00bb||-56px|||\u00a0\u00bb fb_built=\u00a0\u00bb1&Prime; _i=\u00a0\u00bb1&Prime; _address=\u00a0\u00bb1&Prime;][et_pb_row column_structure=\u00a0\u00bb1_2,1_2&Prime; _builder_version=\u00a0\u00bb3.29.2&Prime; _i=\u00a0\u00bb0&Prime; _address=\u00a0\u00bb1.0&Prime;][et_pb_column type=\u00a0\u00bb1_2&Prime; _builder_version=\u00a0\u00bb3.29.2&Prime; _i=\u00a0\u00bb0&Prime; _address=\u00a0\u00bb1.0.0&Prime;][et_pb_image src=\u00a0\u00bbhttp:\/\/rg-a.fr\/wp-content\/uploads\/2019\/10\/RGA-EHPAD-vannes-villa-tohannic-vue-facade.jpg\u00a0\u00bb _builder_version=\u00a0\u00bb3.29.2&Prime; custom_margin=\u00a0\u00bb|-14px||||\u00a0\u00bb custom_padding=\u00a0\u00bb|15px||||\u00a0\u00bb animation_style=\u00a0\u00bbfade\u00a0\u00bb [&hellip;]<\/p>\n","protected":false},"author":1,"featured_media":0,"parent":0,"menu_order":0,"comment_status":"closed","ping_status":"closed","template":"","meta":{"_et_pb_use_builder":"on","_et_pb_old_content":"","footnotes":""},"_links":{"self":[{"href":"http:\/\/rg-a.fr\/index.php\/wp-json\/wp\/v2\/pages\/318"}],"collection":[{"href":"http:\/\/rg-a.fr\/index.php\/wp-json\/wp\/v2\/pages"}],"about":[{"href":"http:\/\/rg-a.fr\/index.php\/wp-json\/wp\/v2\/types\/page"}],"author":[{"embeddable":true,"href":"http:\/\/rg-a.fr\/index.php\/wp-json\/wp\/v2\/users\/1"}],"replies":[{"embeddable":true,"href":"http:\/\/rg-a.fr\/index.php\/wp-json\/wp\/v2\/comments?post=318"}],"version-history":[{"count":8,"href":"http:\/\/rg-a.fr\/index.php\/wp-json\/wp\/v2\/pages\/318\/revisions"}],"predecessor-version":[{"id":673,"href":"http:\/\/rg-a.fr\/index.php\/wp-json\/wp\/v2\/pages\/318\/revisions\/673"}],"wp:attachment":[{"href":"http:\/\/rg-a.fr\/index.php\/wp-json\/wp\/v2\/media?parent=318"}],"curies":[{"name":"wp","href":"https:\/\/api.w.org\/{rel}","templated":true}]}}